{"id":1078,"date":"2014-01-22T14:54:28","date_gmt":"2014-01-22T13:54:28","guid":{"rendered":"http:\/\/villa-bella.org\/?page_id=1078"},"modified":"2025-04-30T12:44:47","modified_gmt":"2025-04-30T10:44:47","slug":"tightening-upper-arms","status":"publish","type":"portfolio","link":"https:\/\/villa-bella.org\/en\/treatments\/tightening-upper-arms\/","title":{"rendered":"Tightening of the Upper Arms"},"content":{"rendered":"\n<style type=\"text\/css\" data-created_by=\"avia_inline_auto\" id=\"style-css-av-jzxx8wz8-103a6a00e571d7c0420a4f34748facf3\">\n#top .av-special-heading.av-jzxx8wz8-103a6a00e571d7c0420a4f34748facf3{\npadding-bottom:10px;\n}\nbody .av-special-heading.av-jzxx8wz8-103a6a00e571d7c0420a4f34748facf3 .av-special-heading-tag .heading-char{\nfont-size:25px;\n}\n.av-special-heading.av-jzxx8wz8-103a6a00e571d7c0420a4f34748facf3 .av-subheading{\nfont-size:10px;\n}\n<\/style>\n<div class=\"av-special-heading av-jzxx8wz8-103a6a00e571d7c0420a4f34748facf3 av-special-heading-h1 blockquote classic-quote  avia-builder-el-0  el_before_av_hr  avia-builder-el-first \"><h1 class=\"av-special-heading-tag \" itemprop=\"headline\">Tightening of the Upper Arms without Scars<\/h1><div class=\"special-heading-border\"><div class=\"special-heading-inner-border\"><\/div><\/div><\/div>\n<div class=\"hr av-av_hr-c69e1af1bad63c3964cc522caf796498 hr-short  avia-builder-el-1  el_after_av_heading  el_before_av_two_third  hr-center\"><span class=\"hr-inner \"><span class=\"hr-inner-style\"><\/span><\/span><\/div>\n<div class=\"flex_column av-av_two_third-2a9015ff38129c418a3f2eafba3e9512 av_two_third  avia-builder-el-2  el_after_av_hr  el_before_av_one_third  first flex_column_div  \"><section class=\"av_textblock_section av-av_textblock-0366cc7376be6c9e82a3e9cc8987b64f \" itemscope=\"itemscope\" itemtype=\"https:\/\/schema.org\/CreativeWork\"><div class=\"avia_textblock\" itemprop=\"text\"><p><a href=\"http:\/\/villa-bella.org\/wp-content\/uploads\/2015\/10\/Fotolia_88806211_M.jpg\"><img loading=\"lazy\" decoding=\"async\" class=\"alignleft size-medium wp-image-3128\" src=\"http:\/\/villa-bella.org\/wp-content\/uploads\/2015\/10\/Fotolia_88806211_M-300x225.jpg\" alt=\"Fotolia_88806211_M\" width=\"300\" height=\"225\" srcset=\"https:\/\/villa-bella.org\/wp-content\/uploads\/2015\/10\/Fotolia_88806211_M-300x225.jpg 300w, https:\/\/villa-bella.org\/wp-content\/uploads\/2015\/10\/Fotolia_88806211_M.jpg 377w\" sizes=\"auto, (max-width: 300px) 100vw, 300px\"><\/a>Due to conti\u00adnuous reduc\u00adtion of elasti\u00adcity of the connec\u00adtive tissue caused by aging, or due to the effects of signi\u00adfi\u00adcant weight reduc\u00adtion, one can encoun\u00adter an exces\u00adsive amount of spare skin especi\u00adally on the upper arms. This unfort\u00adu\u00adna\u00adtely appears to be strikin\u00adgly evident when wearing clothes without sleeves.<\/p>\n<p>Apply\u00ading the techni\u00adque of opera\u00adtive (and with brand-new laser techno\u00adlogy as well non-opera\u00adtive!) skin tightening, this unattrac\u00adtive appearance can be favour\u00ada\u00adbly influen\u00adced.<\/p>\n<p>It will be the task of an indivi\u00addual consul\u00adta\u00adtion to figure out which method will prove best for your needs. We would be happy to be at your dispo\u00adsi\u00adtion for such an evalua\u00adtion, and we are confi\u00addent to be able to hereby clarify your indivi\u00addual approach.<\/p>\n<div>\n<p>\u201eBeauty lies in the eye of the behol\u00adder\u201d William Shake\u00adspeare<\/p>\n<\/div>\n<\/div><\/section><\/div>\n\n<style type=\"text\/css\" data-created_by=\"avia_inline_auto\" id=\"style-css-av-av_one_third-2a64de42b738552fe666ca889af77e28\">\n.flex_column.av-av_one_third-2a64de42b738552fe666ca889af77e28{\nborder-radius:0px 0px 0px 0px;\npadding:0px 0px 0px 0px;\n}\n<\/style>\n<div class=\"flex_column av-av_one_third-2a64de42b738552fe666ca889af77e28 av_one_third  avia-builder-el-4  el_after_av_two_third  avia-builder-el-last  flex_column_div av-zero-column-padding  \"><article class=\"iconbox iconbox_top av-ma3t7ar2-4e4e3107783ba43d5544dbdc31e4f144  avia-builder-el-5  avia-builder-el-no-sibling  main_color\" itemscope=\"itemscope\" itemtype=\"https:\/\/schema.org\/CreativeWork\"><div class=\"iconbox_content\"><header class=\"entry-content-header\" aria-label=\"Icon: General Information\"><div class=\"iconbox_icon heading-color avia-iconfont avia-font-entypo-fontello\" data-av_icon=\"\ue81e\" data-av_iconfont=\"entypo-fontello\"><\/div><h3 class=\"iconbox_content_title \" itemprop=\"headline\">General Infor\u00adma\u00adtion<\/h3><\/header><div class=\"iconbox_content_container \" itemprop=\"text\"><p style=\"text-align: left;\"><strong>Anaes\u00adthe\u00adsia:<\/strong><\/p>\n<p style=\"text-align: left;\">General<\/p>\n<p style=\"text-align: left;\"><strong>Duration of Hospi\u00adtal Stay:<\/strong><\/p>\n<p style=\"text-align: left;\">1 overnight stay<\/p>\n<p style=\"text-align: left;\"><strong>Back to work:<\/strong><\/p>\n<p style=\"text-align: left;\">after app. 7 days<\/p>\n<\/div><\/div><footer class=\"entry-footer\"><\/footer><\/article><\/div>\n","protected":false},"excerpt":{"rendered":"","protected":false},"author":1,"featured_media":7402,"comment_status":"closed","ping_status":"closed","template":"","meta":{"_acf_changed":false,"wp_typography_post_enhancements_disabled":false,"ngg_post_thumbnail":0,"footnotes":""},"tags":[],"portfolio_entries":[133],"class_list":["post-1078","portfolio","type-portfolio","status-publish","has-post-thumbnail","hentry","portfolio_entries-treatments"],"acf":[],"yoast_head":"\n<title>Tightening of the Upper Arms- Villa Bella Munich<\/title>\n<meta name=\"description\" content=\"Tightening of the Upper Arms. We \u00b4d love to inform you. Contact us for a consultation Interview. Your Villa Bella Munich.\" \/>\n<meta name=\"robots\" content=\"index, follow, max-snippet:-1, max-image-preview:large, max-video-preview:-1\" \/>\n<link rel=\"canonical\" href=\"https:\/\/villa-bella.org\/en\/treatments\/tightening-upper-arms\/\" \/>\n<meta property=\"og:locale\" content=\"en_GB\" \/>\n<meta property=\"og:type\" content=\"article\" \/>\n<meta property=\"og:title\" content=\"Tightening of the Upper Arms- Villa Bella Munich\" \/>\n<meta property=\"og:description\" content=\"Tightening of the Upper Arms. We \u00b4d love to inform you. Contact us for a consultation Interview. Your Villa Bella Munich.\" \/>\n<meta property=\"og:url\" content=\"https:\/\/villa-bella.org\/en\/treatments\/tightening-upper-arms\/\" \/>\n<meta property=\"og:site_name\" content=\"sch\u00f6nheitschirurgie m\u00fcnchen\" \/>\n<meta property=\"article:modified_time\" content=\"2025-04-30T10:44:47+00:00\" \/>\n<meta property=\"og:image\" content=\"https:\/\/villa-bella.org\/wp-content\/uploads\/2014\/05\/oberarmstraffung-op-laser.jpg\" \/>\n\t<meta property=\"og:image:width\" content=\"848\" \/>\n\t<meta property=\"og:image:height\" content=\"565\" \/>\n\t<meta property=\"og:image:type\" content=\"image\/jpeg\" \/>\n<meta name=\"twitter:label1\" content=\"Estimated reading time\" \/>\n\t<meta name=\"twitter:data1\" content=\"2 minutes\" \/>\n<script type=\"application\/ld+json\" class=\"yoast-schema-graph\">{\"@context\":\"https:\/\/schema.org\",\"@graph\":[{\"@type\":\"WebPage\",\"@id\":\"https:\/\/villa-bella.org\/en\/treatments\/tightening-upper-arms\/\",\"url\":\"https:\/\/villa-bella.org\/en\/treatments\/tightening-upper-arms\/\",\"name\":\"Tightening of the Upper Arms- Villa Bella Munich\",\"isPartOf\":{\"@id\":\"https:\/\/villa-bella.org\/en\/#website\"},\"primaryImageOfPage\":{\"@id\":\"https:\/\/villa-bella.org\/en\/treatments\/tightening-upper-arms\/#primaryimage\"},\"image\":{\"@id\":\"https:\/\/villa-bella.org\/en\/treatments\/tightening-upper-arms\/#primaryimage\"},\"thumbnailUrl\":\"https:\/\/villa-bella.org\/wp-content\/uploads\/2014\/05\/oberarmstraffung-op-laser.jpg\",\"datePublished\":\"2014-01-22T13:54:28+00:00\",\"dateModified\":\"2025-04-30T10:44:47+00:00\",\"description\":\"Tightening of the Upper Arms. We \u00b4d love to inform you. Contact us for a consultation Interview. Your Villa Bella Munich.\",\"breadcrumb\":{\"@id\":\"https:\/\/villa-bella.org\/en\/treatments\/tightening-upper-arms\/#breadcrumb\"},\"inLanguage\":\"en-GB\",\"potentialAction\":[{\"@type\":\"ReadAction\",\"target\":[\"https:\/\/villa-bella.org\/en\/treatments\/tightening-upper-arms\/\"]}]},{\"@type\":\"ImageObject\",\"inLanguage\":\"en-GB\",\"@id\":\"https:\/\/villa-bella.org\/en\/treatments\/tightening-upper-arms\/#primaryimage\",\"url\":\"https:\/\/villa-bella.org\/wp-content\/uploads\/2014\/05\/oberarmstraffung-op-laser.jpg\",\"contentUrl\":\"https:\/\/villa-bella.org\/wp-content\/uploads\/2014\/05\/oberarmstraffung-op-laser.jpg\",\"width\":848,\"height\":565,\"caption\":\"65812809 - asian woman checking her upper arm\"},{\"@type\":\"BreadcrumbList\",\"@id\":\"https:\/\/villa-bella.org\/en\/treatments\/tightening-upper-arms\/#breadcrumb\",\"itemListElement\":[{\"@type\":\"ListItem\",\"position\":1,\"name\":\"Home\",\"item\":\"https:\/\/villa-bella.org\/en\/\"},{\"@type\":\"ListItem\",\"position\":2,\"name\":\"Treatments\",\"item\":\"https:\/\/villa-bella.org\/en\/leistungsart\/treatments\/\"},{\"@type\":\"ListItem\",\"position\":3,\"name\":\"Tightening of the Upper Arms\"}]},{\"@type\":\"WebSite\",\"@id\":\"https:\/\/villa-bella.org\/en\/#website\",\"url\":\"https:\/\/villa-bella.org\/en\/\",\"name\":\"sch\u00f6nheitschirurgie m\u00fcnchen\",\"description\":\"Plastische Chirurgie und Sch\u00f6nheitschirurgie in M\u00fcnchen\",\"publisher\":{\"@id\":\"https:\/\/villa-bella.org\/en\/#organization\"},\"potentialAction\":[{\"@type\":\"SearchAction\",\"target\":{\"@type\":\"EntryPoint\",\"urlTemplate\":\"https:\/\/villa-bella.org\/en\/?s={search_term_string}\"},\"query-input\":{\"@type\":\"PropertyValueSpecification\",\"valueRequired\":true,\"valueName\":\"search_term_string\"}}],\"inLanguage\":\"en-GB\"},{\"@type\":\"Organization\",\"@id\":\"https:\/\/villa-bella.org\/en\/#organization\",\"name\":\"VILLA BELLA\",\"url\":\"https:\/\/villa-bella.org\/en\/\",\"logo\":{\"@type\":\"ImageObject\",\"inLanguage\":\"en-GB\",\"@id\":\"https:\/\/villa-bella.org\/en\/#\/schema\/logo\/image\/\",\"url\":\"https:\/\/villa-bella.org\/wp-content\/uploads\/2020\/09\/logo-092020.png\",\"contentUrl\":\"https:\/\/villa-bella.org\/wp-content\/uploads\/2020\/09\/logo-092020.png\",\"width\":300,\"height\":82,\"caption\":\"VILLA BELLA\"},\"image\":{\"@id\":\"https:\/\/villa-bella.org\/en\/#\/schema\/logo\/image\/\"}}]}<\/script>\n","yoast_head_json":{"title":"Tightening of the Upper Arms- Villa Bella Munich","description":"Tightening of the Upper Arms. We \u00b4d love to inform you. Contact us for a consultation Interview. Your Villa Bella Munich.","robots":{"index":"index","follow":"follow","max-snippet":"max-snippet:-1","max-image-preview":"max-image-preview:large","max-video-preview":"max-video-preview:-1"},"canonical":"https:\/\/villa-bella.org\/en\/treatments\/tightening-upper-arms\/","og_locale":"en_GB","og_type":"article","og_title":"Tightening of the Upper Arms- Villa Bella Munich","og_description":"Tightening of the Upper Arms. We \u00b4d love to inform you. Contact us for a consultation Interview. Your Villa Bella Munich.","og_url":"https:\/\/villa-bella.org\/en\/treatments\/tightening-upper-arms\/","og_site_name":"sch\u00f6nheitschirurgie m\u00fcnchen","article_modified_time":"2025-04-30T10:44:47+00:00","og_image":[{"width":848,"height":565,"url":"https:\/\/villa-bella.org\/wp-content\/uploads\/2014\/05\/oberarmstraffung-op-laser.jpg","type":"image\/jpeg"}],"twitter_misc":{"Estimated reading time":"2 minutes"},"schema":{"@context":"https:\/\/schema.org","@graph":[{"@type":"WebPage","@id":"https:\/\/villa-bella.org\/en\/treatments\/tightening-upper-arms\/","url":"https:\/\/villa-bella.org\/en\/treatments\/tightening-upper-arms\/","name":"Tightening of the Upper Arms- Villa Bella Munich","isPartOf":{"@id":"https:\/\/villa-bella.org\/en\/#website"},"primaryImageOfPage":{"@id":"https:\/\/villa-bella.org\/en\/treatments\/tightening-upper-arms\/#primaryimage"},"image":{"@id":"https:\/\/villa-bella.org\/en\/treatments\/tightening-upper-arms\/#primaryimage"},"thumbnailUrl":"https:\/\/villa-bella.org\/wp-content\/uploads\/2014\/05\/oberarmstraffung-op-laser.jpg","datePublished":"2014-01-22T13:54:28+00:00","dateModified":"2025-04-30T10:44:47+00:00","description":"Tightening of the Upper Arms. We \u00b4d love to inform you. Contact us for a consultation Interview. Your Villa Bella Munich.","breadcrumb":{"@id":"https:\/\/villa-bella.org\/en\/treatments\/tightening-upper-arms\/#breadcrumb"},"inLanguage":"en-GB","potentialAction":[{"@type":"ReadAction","target":["https:\/\/villa-bella.org\/en\/treatments\/tightening-upper-arms\/"]}]},{"@type":"ImageObject","inLanguage":"en-GB","@id":"https:\/\/villa-bella.org\/en\/treatments\/tightening-upper-arms\/#primaryimage","url":"https:\/\/villa-bella.org\/wp-content\/uploads\/2014\/05\/oberarmstraffung-op-laser.jpg","contentUrl":"https:\/\/villa-bella.org\/wp-content\/uploads\/2014\/05\/oberarmstraffung-op-laser.jpg","width":848,"height":565,"caption":"65812809 - asian woman checking her upper arm"},{"@type":"BreadcrumbList","@id":"https:\/\/villa-bella.org\/en\/treatments\/tightening-upper-arms\/#breadcrumb","itemListElement":[{"@type":"ListItem","position":1,"name":"Home","item":"https:\/\/villa-bella.org\/en\/"},{"@type":"ListItem","position":2,"name":"Treatments","item":"https:\/\/villa-bella.org\/en\/leistungsart\/treatments\/"},{"@type":"ListItem","position":3,"name":"Tightening of the Upper Arms"}]},{"@type":"WebSite","@id":"https:\/\/villa-bella.org\/en\/#website","url":"https:\/\/villa-bella.org\/en\/","name":"sch\u00f6nheitschirurgie m\u00fcnchen","description":"Plastische Chirurgie und Sch\u00f6nheitschirurgie in M\u00fcnchen","publisher":{"@id":"https:\/\/villa-bella.org\/en\/#organization"},"potentialAction":[{"@type":"SearchAction","target":{"@type":"EntryPoint","urlTemplate":"https:\/\/villa-bella.org\/en\/?s={search_term_string}"},"query-input":{"@type":"PropertyValueSpecification","valueRequired":true,"valueName":"search_term_string"}}],"inLanguage":"en-GB"},{"@type":"Organization","@id":"https:\/\/villa-bella.org\/en\/#organization","name":"VILLA BELLA","url":"https:\/\/villa-bella.org\/en\/","logo":{"@type":"ImageObject","inLanguage":"en-GB","@id":"https:\/\/villa-bella.org\/en\/#\/schema\/logo\/image\/","url":"https:\/\/villa-bella.org\/wp-content\/uploads\/2020\/09\/logo-092020.png","contentUrl":"https:\/\/villa-bella.org\/wp-content\/uploads\/2020\/09\/logo-092020.png","width":300,"height":82,"caption":"VILLA BELLA"},"image":{"@id":"https:\/\/villa-bella.org\/en\/#\/schema\/logo\/image\/"}}]}},"_links":{"self":[{"href":"https:\/\/villa-bella.org\/en\/wp-json\/wp\/v2\/portfolio\/1078","targetHints":{"allow":["GET"]}}],"collection":[{"href":"https:\/\/villa-bella.org\/en\/wp-json\/wp\/v2\/portfolio"}],"about":[{"href":"https:\/\/villa-bella.org\/en\/wp-json\/wp\/v2\/types\/portfolio"}],"author":[{"embeddable":true,"href":"https:\/\/villa-bella.org\/en\/wp-json\/wp\/v2\/users\/1"}],"replies":[{"embeddable":true,"href":"https:\/\/villa-bella.org\/en\/wp-json\/wp\/v2\/comments?post=1078"}],"version-history":[{"count":1,"href":"https:\/\/villa-bella.org\/en\/wp-json\/wp\/v2\/portfolio\/1078\/revisions"}],"predecessor-version":[{"id":33071,"href":"https:\/\/villa-bella.org\/en\/wp-json\/wp\/v2\/portfolio\/1078\/revisions\/33071"}],"wp:featuredmedia":[{"embeddable":true,"href":"https:\/\/villa-bella.org\/en\/wp-json\/wp\/v2\/media\/7402"}],"wp:attachment":[{"href":"https:\/\/villa-bella.org\/en\/wp-json\/wp\/v2\/media?parent=1078"}],"wp:term":[{"taxonomy":"post_tag","embeddable":true,"href":"https:\/\/villa-bella.org\/en\/wp-json\/wp\/v2\/tags?post=1078"},{"taxonomy":"portfolio_entries","embeddable":true,"href":"https:\/\/villa-bella.org\/en\/wp-json\/wp\/v2\/portfolio_entries?post=1078"}],"curies":[{"name":"wp","href":"https:\/\/api.w.org\/{rel}","templated":true}]}}