{"id":11572,"date":"2017-09-04T11:25:10","date_gmt":"2017-09-04T09:25:10","guid":{"rendered":"https:\/\/villa-bella.org\/testimonials\/"},"modified":"2023-12-22T11:29:54","modified_gmt":"2023-12-22T10:29:54","slug":"testimonials","status":"publish","type":"page","link":"https:\/\/villa-bella.org\/at\/testimonials\/","title":{"rendered":"Testi\u00admo\u00adni\u00adals"},"content":{"rendered":"\n<style type=\"text\/css\" data-created_by=\"avia_inline_auto\" id=\"style-css-av-2m3w2o-369496c1aa0639ba4a9deecf19b01e1b\">\n.flex_column.av-2m3w2o-369496c1aa0639ba4a9deecf19b01e1b{\nborder-radius:0px 0px 0px 0px;\npadding:0px 0px 0px 0px;\n}\n<\/style>\n<div class=\"flex_column av-2m3w2o-369496c1aa0639ba4a9deecf19b01e1b av_one_full  avia-builder-el-0  avia-builder-el-no-sibling  first flex_column_div av-zero-column-padding  \"><section class=\"av_textblock_section av-6fwo1c-08cbaabb18e861516764816a2907337b \" itemscope=\"itemscope\" itemtype=\"https:\/\/schema.org\/CreativeWork\"><div class=\"avia_textblock\" itemprop=\"text\"><h1>Testi\u00admo\u00adni\u00adals \u2014 Das sagen unsere Patien\u00adten<\/h1>\n<p>Treffen Sie einige unserer Patien\u00adten und erfah\u00adren Sie mehr \u00fcber deren ganz pers\u00f6n\u00adli\u00adche Erfah\u00adrun\u00adgen in der Villa Bella. So k\u00f6nnen Sie sich schon vorab ein Bild von unserer Praxis\u00adkli\u00adnik und dem Team machen. Erfah\u00adren Sie aus erster Hand, wie sich unsere Patien\u00adten vor und bei den Behand\u00adlun\u00adgen gef\u00fchlt haben und wie zufrie\u00adden sie mit dem Ergeb\u00adnis sind. Wie l\u00e4uft eine Behand\u00adlung mit den moder\u00adnen Lasern, dem BBL oder dem HALO, ab? Kann diese Methode tats\u00e4ch\u00adlich Aknenar\u00adben sicht\u00adbar vermin\u00addern und wie sieht es beim <a href=\"https:\/\/villa-bella.org\/at\/leistungen\/anti-aging\/\">Anti Aging<\/a> und bei der allg. <a href=\"https:\/\/villa-bella.org\/at\/leistungen\/laserbehandlung\/\">Hautver\u00adsch\u00f6\u00adne\u00adrung<\/a> aus? Kann man tats\u00e4ch\u00adlich das Profil in der Lunch\u00adbreak korri\u00adgie\u00adren? Was ist das Beson\u00addere an der <a href=\"https:\/\/villa-bella.org\/at\/leistungen\/faltenunterspritzung\/\">Falten\u00adbe\u00adhand\u00adlun\u00adgen mit Hyalu\u00adron\u00ads\u00e4ure<\/a> in der Villa Bella? Und schlie\u00df\u00adlich: Wer sind diese so unter\u00adschied\u00adli\u00adchen und sympa\u00adthi\u00adschen Frauen, die den Weg in die Villa Bella gefun\u00adden haben und ganz selbst\u00adbe\u00adwusst zu ihren \u00e4sthe\u00adti\u00adschen Behand\u00adlun\u00adgen stehen? Die Antwor\u00adten finden Sie in diesen Erfah\u00adrungs\u00adbe\u00adrich\u00adten.<\/p>\n<p>M\u00f6chten Sie auch Ihre Erfah\u00adrung teilen? Dann w\u00fcrden wir uns sehr \u00fcber Ihre Bewer\u00adtung freuen: <a href=\"http:\/\/einladung.mein-arztbericht.de\/VillaBella\/\">http:\/\/einladung.mein-arztbericht.de\/VillaBella\/<\/a><\/p>\n<\/div><\/section><br>\n<div id=\"av-sc-portfolio-1\" class=\"av-portfolio-grid-sorting-container\"><div class=\"sort_width_container  av-sort-yes\" data-portfolio-id=\"1\"><div id=\"js_sort_items\"><div class=\"sort_by_cat hidden\"><a href=\"#\" data-filter=\"all_sort\" class=\"all_sort_button active_sort\"><span class=\"inner_sort_button\"><span>Alle<\/span><small class=\"av-cat-count\"> 21 <\/small><\/span><\/a><span class=\"text-sep testimonials-at_sort_sep\">\/<\/span><a href=\"#\" data-filter=\"testimonials-at_sort\" class=\"testimonials-at_sort_button\"><span class=\"inner_sort_button\"><span>Testi\u00admo\u00adni\u00adals<\/span><small class=\"av-cat-count\"> 21 <\/small><\/span><\/a><\/div><\/div><\/div><div class=\" grid-sort-container isotope   no_margin-container with-excerpt-container grid-total-odd grid-col-3 grid-links-\" data-portfolio-id=\"1\"><div data-ajax-id=\"28489\" class=\" grid-entry flex_column isotope-item all_sort no_margin post-entry post-entry-28489 grid-entry-overview grid-loop-1 grid-parity-odd  testimonials-at_sort  av_one_third first default_av_fullwidth \"><article class=\"main_color inner-entry\" itemscope=\"itemscope\" itemtype=\"https:\/\/schema.org\/CreativeWork\"><a href=\"https:\/\/villa-bella.org\/at\/leistungen\/anna-testimonial-faltenbehandlung\/\" title=\"Anna \u2014 Testi\u00admo\u00adnial zu Falten\u00adbe\u00adhand\u00adlung\" data-rel=\"grid-1\" class=\"grid-image avia-hover-fx\"> <img decoding=\"async\" fetchpriority=\"high\" width=\"300\" height=\"262\" src=\"https:\/\/villa-bella.org\/wp-content\/uploads\/2023\/12\/anna-gelbert-cover.jpg\" class=\"wp-image-26604 avia-img-lazy-loading-not-26604 attachment-portfolio size-portfolio wp-post-image\" alt><\/a><div class=\"grid-content\"><div class=\"avia-arrow\"><\/div><header class=\"entry-content-header\" aria-label=\"Portfolio: Anna \u2014 Testi\u00admo\u00adnial zu Falten\u00adbe\u00adhand\u00adlung\"><h3 class=\"grid-entry-title entry-title \" itemprop=\"headline\"><a href=\"https:\/\/villa-bella.org\/at\/leistungen\/anna-testimonial-faltenbehandlung\/\" title=\"Anna \u2014 Testi\u00admo\u00adnial zu Falten\u00adbe\u00adhand\u00adlung\">Anna \u2014 Testi\u00admo\u00adnial zu Falten\u00adbe\u00adhand\u00adlung<\/a><\/h3><\/header><\/div><footer class=\"entry-footer\"><\/footer><\/article><\/div><div data-ajax-id=\"28485\" class=\" grid-entry flex_column isotope-item all_sort no_margin post-entry post-entry-28485 grid-entry-overview grid-loop-2 grid-parity-even  testimonials-at_sort  av_one_third  default_av_fullwidth \"><article class=\"main_color inner-entry\" itemscope=\"itemscope\" itemtype=\"https:\/\/schema.org\/CreativeWork\"><a href=\"https:\/\/villa-bella.org\/at\/leistungen\/susanne-testimonial-zu-sculptra\/\" title=\"Susanne \u2014 Testi\u00admo\u00adnial zu Sculp\u00adtra\" data-rel=\"grid-1\" class=\"grid-image avia-hover-fx\"> <img decoding=\"async\" fetchpriority=\"high\" width=\"300\" height=\"262\" src=\"https:\/\/villa-bella.org\/wp-content\/uploads\/2023\/02\/susanne-testimonial-beitrag.jpg\" class=\"wp-image-19879 avia-img-lazy-loading-not-19879 attachment-portfolio size-portfolio wp-post-image\" alt><\/a><div class=\"grid-content\"><div class=\"avia-arrow\"><\/div><header class=\"entry-content-header\" aria-label=\"Portfolio: Susanne \u2014 Testi\u00admo\u00adnial zu Sculp\u00adtra\"><h3 class=\"grid-entry-title entry-title \" itemprop=\"headline\"><a href=\"https:\/\/villa-bella.org\/at\/leistungen\/susanne-testimonial-zu-sculptra\/\" title=\"Susanne \u2014 Testi\u00admo\u00adnial zu Sculp\u00adtra\">Susanne \u2014 Testi\u00admo\u00adnial zu Sculp\u00adtra<\/a><\/h3><\/header><\/div><footer class=\"entry-footer\"><\/footer><\/article><\/div><div data-ajax-id=\"16222\" class=\" grid-entry flex_column isotope-item all_sort no_margin post-entry post-entry-16222 grid-entry-overview grid-loop-3 grid-parity-odd  testimonials-at_sort  av_one_third  default_av_fullwidth \"><article class=\"main_color inner-entry\" itemscope=\"itemscope\" itemtype=\"https:\/\/schema.org\/CreativeWork\"><a href=\"https:\/\/villa-bella.org\/at\/leistungen\/anja-testimonial-tagebuch-augenlidstraffung\/\" title=\"Anja \u2014 Testi\u00admo\u00adnial &amp; Tagebuch zur Augen\u00adlid\u00ads\u00adtraf\u00adfung\" data-rel=\"grid-1\" class=\"grid-image avia-hover-fx\"> <img decoding=\"async\" fetchpriority=\"high\" width=\"300\" height=\"262\" src=\"https:\/\/villa-bella.org\/wp-content\/uploads\/2020\/11\/augenlidstraffung-vorher-nachher-beitrag.jpg\" class=\"wp-image-19885 avia-img-lazy-loading-not-19885 attachment-portfolio size-portfolio wp-post-image\" alt><\/a><div class=\"grid-content\"><div class=\"avia-arrow\"><\/div><header class=\"entry-content-header\" aria-label=\"Portfolio: Anja \u2014 Testi\u00admo\u00adnial &amp; Tagebuch zur Augen\u00adlid\u00ads\u00adtraf\u00adfung\"><h3 class=\"grid-entry-title entry-title \" itemprop=\"headline\"><a href=\"https:\/\/villa-bella.org\/at\/leistungen\/anja-testimonial-tagebuch-augenlidstraffung\/\" title=\"Anja \u2014 Testi\u00admo\u00adnial &amp; Tagebuch zur Augen\u00adlid\u00ads\u00adtraf\u00adfung\">Anja \u2014 Testi\u00admo\u00adnial &amp; Tagebuch zur Augen\u00adlid\u00ads\u00adtraf\u00adfung<\/a><\/h3><\/header><\/div><footer class=\"entry-footer\"><\/footer><\/article><\/div><div data-ajax-id=\"11764\" class=\" grid-entry flex_column isotope-item all_sort no_margin post-entry post-entry-11764 grid-entry-overview grid-loop-4 grid-parity-even  testimonials-at_sort  av_one_third first default_av_fullwidth \"><article class=\"main_color inner-entry\" itemscope=\"itemscope\" itemtype=\"https:\/\/schema.org\/CreativeWork\"><a href=\"https:\/\/villa-bella.org\/at\/leistungen\/patrick-testimonial-kinn\/\" title=\"Patrick \u2014 Testi\u00admo\u00adnial zu Kinnkor\u00adrek\u00adtur mit Filler\" data-rel=\"grid-1\" class=\"grid-image avia-hover-fx\"> <img decoding=\"async\" fetchpriority=\"high\" width=\"300\" height=\"262\" src=\"https:\/\/villa-bella.org\/wp-content\/uploads\/2019\/08\/testimonial-patrick-teaser.jpg\" class=\"wp-image-11766 avia-img-lazy-loading-not-11766 attachment-portfolio size-portfolio wp-post-image\" alt><\/a><div class=\"grid-content\"><div class=\"avia-arrow\"><\/div><header class=\"entry-content-header\" aria-label=\"Portfolio: Patrick \u2014 Testi\u00admo\u00adnial zu Kinnkor\u00adrek\u00adtur mit Filler\"><h3 class=\"grid-entry-title entry-title \" itemprop=\"headline\"><a href=\"https:\/\/villa-bella.org\/at\/leistungen\/patrick-testimonial-kinn\/\" title=\"Patrick \u2014 Testi\u00admo\u00adnial zu Kinnkor\u00adrek\u00adtur mit Filler\">Patrick \u2014 Testi\u00admo\u00adnial zu Kinnkor\u00adrek\u00adtur mit Filler<\/a><\/h3><\/header><\/div><footer class=\"entry-footer\"><\/footer><\/article><\/div><div data-ajax-id=\"11769\" class=\" grid-entry flex_column isotope-item all_sort no_margin post-entry post-entry-11769 grid-entry-overview grid-loop-5 grid-parity-odd  testimonials-at_sort  av_one_third  default_av_fullwidth \"><article class=\"main_color inner-entry\" itemscope=\"itemscope\" itemtype=\"https:\/\/schema.org\/CreativeWork\"><a href=\"https:\/\/villa-bella.org\/at\/leistungen\/conny-testimonial-bbl\/\" title=\"Conny \u2014 Testi\u00admo\u00adnial zu BBL &amp; Hautver\u00adj\u00fcn\u00adgung\" data-rel=\"grid-1\" class=\"grid-image avia-hover-fx\"> <img decoding=\"async\" fetchpriority=\"high\" width=\"495\" height=\"400\" src=\"https:\/\/villa-bella.org\/wp-content\/uploads\/2019\/07\/testimonial-conny-2019-hund-495x400.jpg\" class=\"wp-image-11770 avia-img-lazy-loading-not-11770 attachment-portfolio size-portfolio wp-post-image\" alt><\/a><div class=\"grid-content\"><div class=\"avia-arrow\"><\/div><header class=\"entry-content-header\" aria-label=\"Portfolio: Conny \u2014 Testi\u00admo\u00adnial zu BBL &amp; Hautver\u00adj\u00fcn\u00adgung\"><h3 class=\"grid-entry-title entry-title \" itemprop=\"headline\"><a href=\"https:\/\/villa-bella.org\/at\/leistungen\/conny-testimonial-bbl\/\" title=\"Conny \u2014 Testi\u00admo\u00adnial zu BBL &amp; Hautver\u00adj\u00fcn\u00adgung\">Conny \u2014 Testi\u00admo\u00adnial zu BBL &amp; Hautver\u00adj\u00fcn\u00adgung<\/a><\/h3><\/header><\/div><footer class=\"entry-footer\"><\/footer><\/article><\/div><div data-ajax-id=\"11777\" class=\" grid-entry flex_column isotope-item all_sort no_margin post-entry post-entry-11777 grid-entry-overview grid-loop-6 grid-parity-even  testimonials-at_sort  av_one_third  default_av_fullwidth \"><article class=\"main_color inner-entry\" itemscope=\"itemscope\" itemtype=\"https:\/\/schema.org\/CreativeWork\"><a href=\"https:\/\/villa-bella.org\/at\/leistungen\/evi-testimonial-fadenlifting-halo\/\" title=\"Evi \u2014 Testi\u00admo\u00adnial zu Faden\u00adlif\u00adting und HALO\" data-rel=\"grid-1\" class=\"grid-image avia-hover-fx\"> <img decoding=\"async\" fetchpriority=\"high\" width=\"386\" height=\"304\" src=\"https:\/\/villa-bella.org\/wp-content\/uploads\/2019\/04\/evi-testimonial-beitragsbild.png\" class=\"wp-image-11779 avia-img-lazy-loading-not-11779 attachment-portfolio size-portfolio wp-post-image\" alt srcset=\"https:\/\/villa-bella.org\/wp-content\/uploads\/2019\/04\/evi-testimonial-beitragsbild.png 386w, https:\/\/villa-bella.org\/wp-content\/uploads\/2019\/04\/evi-testimonial-beitragsbild-300x236.png 300w\" sizes=\"(max-width: 386px) 100vw, 386px\"><\/a><div class=\"grid-content\"><div class=\"avia-arrow\"><\/div><header class=\"entry-content-header\" aria-label=\"Portfolio: Evi \u2014 Testi\u00admo\u00adnial zu Faden\u00adlif\u00adting und HALO\"><h3 class=\"grid-entry-title entry-title \" itemprop=\"headline\"><a href=\"https:\/\/villa-bella.org\/at\/leistungen\/evi-testimonial-fadenlifting-halo\/\" title=\"Evi \u2014 Testi\u00admo\u00adnial zu Faden\u00adlif\u00adting und HALO\">Evi \u2014 Testi\u00admo\u00adnial zu Faden\u00adlif\u00adting und HALO<\/a><\/h3><\/header><\/div><footer class=\"entry-footer\"><\/footer><\/article><\/div><div data-ajax-id=\"11780\" class=\" grid-entry flex_column isotope-item all_sort no_margin post-entry post-entry-11780 grid-entry-overview grid-loop-7 grid-parity-odd  testimonials-at_sort  av_one_third first default_av_fullwidth \"><article class=\"main_color inner-entry\" itemscope=\"itemscope\" itemtype=\"https:\/\/schema.org\/CreativeWork\"><a href=\"https:\/\/villa-bella.org\/at\/leistungen\/peter-w-testimonial-zur-behandlung-der-zornesfalte-und-mit-bbl-gegen-couperose\/\" title=\"Peter W. \u2014 Testi\u00admo\u00adnial zur Behand\u00adlung Zornes\u00adfalte und Coupe\u00adrose\" data-rel=\"grid-1\" class=\"grid-image avia-hover-fx\"> <img decoding=\"async\" fetchpriority=\"high\" width=\"495\" height=\"400\" src=\"https:\/\/villa-bella.org\/wp-content\/uploads\/2019\/01\/peter-testimonial-495x400.jpg\" class=\"wp-image-11782 avia-img-lazy-loading-not-11782 attachment-portfolio size-portfolio wp-post-image\" alt><\/a><div class=\"grid-content\"><div class=\"avia-arrow\"><\/div><header class=\"entry-content-header\" aria-label=\"Portfolio: Peter W. \u2014 Testi\u00admo\u00adnial zur Behand\u00adlung Zornes\u00adfalte und Coupe\u00adrose\"><h3 class=\"grid-entry-title entry-title \" itemprop=\"headline\"><a href=\"https:\/\/villa-bella.org\/at\/leistungen\/peter-w-testimonial-zur-behandlung-der-zornesfalte-und-mit-bbl-gegen-couperose\/\" title=\"Peter W. \u2014 Testi\u00admo\u00adnial zur Behand\u00adlung Zornes\u00adfalte und Coupe\u00adrose\">Peter W. \u2014 Testi\u00admo\u00adnial zur Behand\u00adlung Zornes\u00adfalte und Coupe\u00adrose<\/a><\/h3><\/header><\/div><footer class=\"entry-footer\"><\/footer><\/article><\/div><div data-ajax-id=\"11783\" class=\" grid-entry flex_column isotope-item all_sort no_margin post-entry post-entry-11783 grid-entry-overview grid-loop-8 grid-parity-even  testimonials-at_sort  av_one_third  default_av_fullwidth \"><article class=\"main_color inner-entry\" itemscope=\"itemscope\" itemtype=\"https:\/\/schema.org\/CreativeWork\"><a href=\"https:\/\/villa-bella.org\/at\/leistungen\/kitti-testimonial-grosse-poren-aknenarben\/\" title=\"Kitti R. \u2014 Testi\u00admo\u00adnial zur Behand\u00adlung gegen gro\u00dfe Poren und Aknenar\u00adben\" data-rel=\"grid-1\" class=\"grid-image avia-hover-fx\"> <img decoding=\"async\" fetchpriority=\"high\" width=\"495\" height=\"400\" src=\"https:\/\/villa-bella.org\/wp-content\/uploads\/2019\/01\/kitti-reden-testimonial-495x400.jpg\" class=\"wp-image-11784 avia-img-lazy-loading-not-11784 attachment-portfolio size-portfolio wp-post-image\" alt srcset=\"https:\/\/villa-bella.org\/wp-content\/uploads\/2019\/01\/kitti-reden-testimonial-495x400.jpg 495w, https:\/\/villa-bella.org\/wp-content\/uploads\/2019\/01\/kitti-reden-testimonial-845x684.jpg 845w\" sizes=\"(max-width: 495px) 100vw, 495px\"><\/a><div class=\"grid-content\"><div class=\"avia-arrow\"><\/div><header class=\"entry-content-header\" aria-label=\"Portfolio: Kitti R. \u2014 Testi\u00admo\u00adnial zur Behand\u00adlung gegen gro\u00dfe Poren und Aknenar\u00adben\"><h3 class=\"grid-entry-title entry-title \" itemprop=\"headline\"><a href=\"https:\/\/villa-bella.org\/at\/leistungen\/kitti-testimonial-grosse-poren-aknenarben\/\" title=\"Kitti R. \u2014 Testi\u00admo\u00adnial zur Behand\u00adlung gegen gro\u00dfe Poren und Aknenar\u00adben\">Kitti R. \u2014 Testi\u00admo\u00adnial zur Behand\u00adlung gegen gro\u00dfe Poren und Aknenar\u00adben<\/a><\/h3><\/header><\/div><footer class=\"entry-footer\"><\/footer><\/article><\/div><div data-ajax-id=\"11796\" class=\" grid-entry flex_column isotope-item all_sort no_margin post-entry post-entry-11796 grid-entry-overview grid-loop-9 grid-parity-odd  testimonials-at_sort  av_one_third  default_av_fullwidth \"><article class=\"main_color inner-entry\" itemscope=\"itemscope\" itemtype=\"https:\/\/schema.org\/CreativeWork\"><a href=\"https:\/\/villa-bella.org\/at\/leistungen\/bilal-testimonial-narben\/\" title=\"Bilal \u2014 Testi\u00admo\u00adnial zur Narben\u00adbe\u00adhand\u00adlung\" data-rel=\"grid-1\" class=\"grid-image avia-hover-fx\"> <img decoding=\"async\" fetchpriority=\"high\" width=\"495\" height=\"400\" src=\"https:\/\/villa-bella.org\/wp-content\/uploads\/2019\/01\/bilal-testimonial-495x400.jpg\" class=\"wp-image-11797 avia-img-lazy-loading-not-11797 attachment-portfolio size-portfolio wp-post-image\" alt srcset=\"https:\/\/villa-bella.org\/wp-content\/uploads\/2019\/01\/bilal-testimonial-495x400.jpg 495w, https:\/\/villa-bella.org\/wp-content\/uploads\/2019\/01\/bilal-testimonial-845x684.jpg 845w\" sizes=\"(max-width: 495px) 100vw, 495px\"><\/a><div class=\"grid-content\"><div class=\"avia-arrow\"><\/div><header class=\"entry-content-header\" aria-label=\"Portfolio: Bilal \u2014 Testi\u00admo\u00adnial zur Narben\u00adbe\u00adhand\u00adlung\"><h3 class=\"grid-entry-title entry-title \" itemprop=\"headline\"><a href=\"https:\/\/villa-bella.org\/at\/leistungen\/bilal-testimonial-narben\/\" title=\"Bilal \u2014 Testi\u00admo\u00adnial zur Narben\u00adbe\u00adhand\u00adlung\">Bilal \u2014 Testi\u00admo\u00adnial zur Narben\u00adbe\u00adhand\u00adlung<\/a><\/h3><\/header><\/div><footer class=\"entry-footer\"><\/footer><\/article><\/div><div data-ajax-id=\"11798\" class=\" grid-entry flex_column isotope-item all_sort no_margin post-entry post-entry-11798 grid-entry-overview grid-loop-10 grid-parity-even  testimonials-at_sort  av_one_third first default_av_fullwidth \"><article class=\"main_color inner-entry\" itemscope=\"itemscope\" itemtype=\"https:\/\/schema.org\/CreativeWork\"><a href=\"https:\/\/villa-bella.org\/at\/leistungen\/tom-testimonial-poren-augenringe\/\" title=\"Tom \u2014 Testi\u00admo\u00adnial gro\u00dfe Poren &amp; Augen\u00adringe\" data-rel=\"grid-1\" class=\"grid-image avia-hover-fx\"> <img decoding=\"async\" fetchpriority=\"high\" width=\"495\" height=\"400\" src=\"https:\/\/villa-bella.org\/wp-content\/uploads\/2019\/01\/tom-m-testimonial-495x400.jpg\" class=\"wp-image-11799 avia-img-lazy-loading-not-11799 attachment-portfolio size-portfolio wp-post-image\" alt srcset=\"https:\/\/villa-bella.org\/wp-content\/uploads\/2019\/01\/tom-m-testimonial-495x400.jpg 495w, https:\/\/villa-bella.org\/wp-content\/uploads\/2019\/01\/tom-m-testimonial-845x684.jpg 845w\" sizes=\"(max-width: 495px) 100vw, 495px\"><\/a><div class=\"grid-content\"><div class=\"avia-arrow\"><\/div><header class=\"entry-content-header\" aria-label=\"Portfolio: Tom \u2014 Testi\u00admo\u00adnial gro\u00dfe Poren &amp; Augen\u00adringe\"><h3 class=\"grid-entry-title entry-title \" itemprop=\"headline\"><a href=\"https:\/\/villa-bella.org\/at\/leistungen\/tom-testimonial-poren-augenringe\/\" title=\"Tom \u2014 Testi\u00admo\u00adnial gro\u00dfe Poren &amp; Augen\u00adringe\">Tom \u2014 Testi\u00admo\u00adnial gro\u00dfe Poren &amp; Augen\u00adringe<\/a><\/h3><\/header><\/div><footer class=\"entry-footer\"><\/footer><\/article><\/div><div data-ajax-id=\"11800\" class=\" grid-entry flex_column isotope-item all_sort no_margin post-entry post-entry-11800 grid-entry-overview grid-loop-11 grid-parity-odd  testimonials-at_sort  av_one_third  default_av_fullwidth \"><article class=\"main_color inner-entry\" itemscope=\"itemscope\" itemtype=\"https:\/\/schema.org\/CreativeWork\"><a href=\"https:\/\/villa-bella.org\/at\/leistungen\/miriam-testimonial-nasenkorrektur-filler\/\" title=\"Miriam \u2014 Testi\u00admo\u00adnial zur Nasen\u00adkor\u00adrek\u00adtur mit Filler\" data-rel=\"grid-1\" class=\"grid-image avia-hover-fx\"> <img decoding=\"async\" fetchpriority=\"high\" width=\"495\" height=\"400\" src=\"https:\/\/villa-bella.org\/wp-content\/uploads\/2019\/01\/miriam-testimonial-495x400.jpg\" class=\"wp-image-11801 avia-img-lazy-loading-not-11801 attachment-portfolio size-portfolio wp-post-image\" alt><\/a><div class=\"grid-content\"><div class=\"avia-arrow\"><\/div><header class=\"entry-content-header\" aria-label=\"Portfolio: Miriam \u2014 Testi\u00admo\u00adnial zur Nasen\u00adkor\u00adrek\u00adtur mit Filler\"><h3 class=\"grid-entry-title entry-title \" itemprop=\"headline\"><a href=\"https:\/\/villa-bella.org\/at\/leistungen\/miriam-testimonial-nasenkorrektur-filler\/\" title=\"Miriam \u2014 Testi\u00admo\u00adnial zur Nasen\u00adkor\u00adrek\u00adtur mit Filler\">Miriam \u2014 Testi\u00admo\u00adnial zur Nasen\u00adkor\u00adrek\u00adtur mit Filler<\/a><\/h3><\/header><\/div><footer class=\"entry-footer\"><\/footer><\/article><\/div><div data-ajax-id=\"11802\" class=\" grid-entry flex_column isotope-item all_sort no_margin post-entry post-entry-11802 grid-entry-overview grid-loop-12 grid-parity-even  testimonials-at_sort  av_one_third  default_av_fullwidth \"><article class=\"main_color inner-entry\" itemscope=\"itemscope\" itemtype=\"https:\/\/schema.org\/CreativeWork\"><a href=\"https:\/\/villa-bella.org\/at\/leistungen\/claudia-testimonial-bbl\/\" title=\"Claudia \u2014 Testi\u00admo\u00adnial zur Behand\u00adlung mit BBL\" data-rel=\"grid-1\" class=\"grid-image avia-hover-fx\"> <img decoding=\"async\" fetchpriority=\"high\" width=\"495\" height=\"400\" src=\"https:\/\/villa-bella.org\/wp-content\/uploads\/2017\/07\/claudia-testimonial-bbl-495x400.jpg\" class=\"wp-image-11803 avia-img-lazy-loading-not-11803 attachment-portfolio size-portfolio wp-post-image\" alt><\/a><div class=\"grid-content\"><div class=\"avia-arrow\"><\/div><header class=\"entry-content-header\" aria-label=\"Portfolio: Claudia \u2014 Testi\u00admo\u00adnial zur Behand\u00adlung mit BBL\"><h3 class=\"grid-entry-title entry-title \" itemprop=\"headline\"><a href=\"https:\/\/villa-bella.org\/at\/leistungen\/claudia-testimonial-bbl\/\" title=\"Claudia \u2014 Testi\u00admo\u00adnial zur Behand\u00adlung mit BBL\">Claudia \u2014 Testi\u00admo\u00adnial zur Behand\u00adlung mit BBL<\/a><\/h3><\/header><\/div><footer class=\"entry-footer\"><\/footer><\/article><\/div><div data-ajax-id=\"11804\" class=\" grid-entry flex_column isotope-item all_sort no_margin post-entry post-entry-11804 grid-entry-overview grid-loop-13 grid-parity-odd  testimonials-at_sort  av_one_third first default_av_fullwidth \"><article class=\"main_color inner-entry\" itemscope=\"itemscope\" itemtype=\"https:\/\/schema.org\/CreativeWork\"><a href=\"https:\/\/villa-bella.org\/at\/leistungen\/anja-testimonial-nasolabialfalte-filler\/\" title=\"Anja F. \u2014 Testi\u00admo\u00adnial zu Falten\u00adun\u00adter\u00adsprit\u00adzung der Nasola\u00adbi\u00adal\u00adfalte mit Filler\" data-rel=\"grid-1\" class=\"grid-image avia-hover-fx\"> <img decoding=\"async\" fetchpriority=\"high\" width=\"495\" height=\"400\" src=\"https:\/\/villa-bella.org\/wp-content\/uploads\/2017\/07\/AnjaF-testimonialVB-666x554-495x400.jpg\" class=\"wp-image-11806 avia-img-lazy-loading-not-11806 attachment-portfolio size-portfolio wp-post-image\" alt><\/a><div class=\"grid-content\"><div class=\"avia-arrow\"><\/div><header class=\"entry-content-header\" aria-label=\"Portfolio: Anja F. \u2014 Testi\u00admo\u00adnial zu Falten\u00adun\u00adter\u00adsprit\u00adzung der Nasola\u00adbi\u00adal\u00adfalte mit Filler\"><h3 class=\"grid-entry-title entry-title \" itemprop=\"headline\"><a href=\"https:\/\/villa-bella.org\/at\/leistungen\/anja-testimonial-nasolabialfalte-filler\/\" title=\"Anja F. \u2014 Testi\u00admo\u00adnial zu Falten\u00adun\u00adter\u00adsprit\u00adzung der Nasola\u00adbi\u00adal\u00adfalte mit Filler\">Anja F. \u2014 Testi\u00admo\u00adnial zu Falten\u00adun\u00adter\u00adsprit\u00adzung der Nasola\u00adbi\u00adal\u00adfalte mit Filler<\/a><\/h3><\/header><\/div><footer class=\"entry-footer\"><\/footer><\/article><\/div><div data-ajax-id=\"11807\" class=\" grid-entry flex_column isotope-item all_sort no_margin post-entry post-entry-11807 grid-entry-overview grid-loop-14 grid-parity-even  testimonials-at_sort  av_one_third  default_av_fullwidth \"><article class=\"main_color inner-entry\" itemscope=\"itemscope\" itemtype=\"https:\/\/schema.org\/CreativeWork\"><a href=\"https:\/\/villa-bella.org\/at\/leistungen\/roxana-testimonial-zu-lippenunterspritzung-mit-filler\/\" title=\"Roxana \u2014 Testi\u00admo\u00adnial zu Lippen\u00adun\u00adter\u00adsprit\u00adzung mit Filler\" data-rel=\"grid-1\" class=\"grid-image avia-hover-fx\"> <img decoding=\"async\" fetchpriority=\"high\" width=\"495\" height=\"400\" src=\"https:\/\/villa-bella.org\/wp-content\/uploads\/2017\/05\/testimonial-vb-roxana-495x400.jpg\" class=\"wp-image-11808 avia-img-lazy-loading-not-11808 attachment-portfolio size-portfolio wp-post-image\" alt srcset=\"https:\/\/villa-bella.org\/wp-content\/uploads\/2017\/05\/testimonial-vb-roxana-495x400.jpg 495w, https:\/\/villa-bella.org\/wp-content\/uploads\/2017\/05\/testimonial-vb-roxana-845x684.jpg 845w\" sizes=\"(max-width: 495px) 100vw, 495px\"><\/a><div class=\"grid-content\"><div class=\"avia-arrow\"><\/div><header class=\"entry-content-header\" aria-label=\"Portfolio: Roxana \u2014 Testi\u00admo\u00adnial zu Lippen\u00adun\u00adter\u00adsprit\u00adzung mit Filler\"><h3 class=\"grid-entry-title entry-title \" itemprop=\"headline\"><a href=\"https:\/\/villa-bella.org\/at\/leistungen\/roxana-testimonial-zu-lippenunterspritzung-mit-filler\/\" title=\"Roxana \u2014 Testi\u00admo\u00adnial zu Lippen\u00adun\u00adter\u00adsprit\u00adzung mit Filler\">Roxana \u2014 Testi\u00admo\u00adnial zu Lippen\u00adun\u00adter\u00adsprit\u00adzung mit Filler<\/a><\/h3><\/header><\/div><footer class=\"entry-footer\"><\/footer><\/article><\/div><div data-ajax-id=\"11809\" class=\" grid-entry flex_column isotope-item all_sort no_margin post-entry post-entry-11809 grid-entry-overview grid-loop-15 grid-parity-odd  testimonials-at_sort  av_one_third  default_av_fullwidth \"><article class=\"main_color inner-entry\" itemscope=\"itemscope\" itemtype=\"https:\/\/schema.org\/CreativeWork\"><a href=\"https:\/\/villa-bella.org\/at\/leistungen\/martina-berg-testimonial-zu-filler-gegen-falten\/\" title=\"Martina Berg \u2014 Testi\u00admo\u00adnial zu Filler gegen Falten\" data-rel=\"grid-1\" class=\"grid-image avia-hover-fx\"> <img decoding=\"async\" fetchpriority=\"high\" width=\"495\" height=\"400\" src=\"https:\/\/villa-bella.org\/wp-content\/uploads\/2017\/05\/testimonialVB-martinaberg-564x400-495x400.jpg\" class=\"wp-image-11811 avia-img-lazy-loading-not-11811 attachment-portfolio size-portfolio wp-post-image\" alt><\/a><div class=\"grid-content\"><div class=\"avia-arrow\"><\/div><header class=\"entry-content-header\" aria-label=\"Portfolio: Martina Berg \u2014 Testi\u00admo\u00adnial zu Filler gegen Falten\"><h3 class=\"grid-entry-title entry-title \" itemprop=\"headline\"><a href=\"https:\/\/villa-bella.org\/at\/leistungen\/martina-berg-testimonial-zu-filler-gegen-falten\/\" title=\"Martina Berg \u2014 Testi\u00admo\u00adnial zu Filler gegen Falten\">Martina Berg \u2014 Testi\u00admo\u00adnial zu Filler gegen Falten<\/a><\/h3><\/header><\/div><footer class=\"entry-footer\"><\/footer><\/article><\/div><div data-ajax-id=\"11812\" class=\" grid-entry flex_column isotope-item all_sort no_margin post-entry post-entry-11812 grid-entry-overview grid-loop-16 grid-parity-even  testimonials-at_sort  av_one_third first default_av_fullwidth \"><article class=\"main_color inner-entry\" itemscope=\"itemscope\" itemtype=\"https:\/\/schema.org\/CreativeWork\"><a href=\"https:\/\/villa-bella.org\/at\/leistungen\/andrea-erfahrungsbericht-zu-faltenunterspritzung-mit-hyaluron\/\" title=\"Andrea \u2014 Erfah\u00adrungs\u00adbe\u00adricht zu Falten\u00adun\u00adter\u00adsprit\u00adzung mit Hyalu\u00adron\" data-rel=\"grid-1\" class=\"grid-image avia-hover-fx\"> <img decoding=\"async\" fetchpriority=\"high\" width=\"495\" height=\"400\" src=\"https:\/\/villa-bella.org\/wp-content\/uploads\/2017\/05\/Andrea-testimonial-faltenhyaluron-495x400.jpg\" class=\"wp-image-11813 avia-img-lazy-loading-not-11813 attachment-portfolio size-portfolio wp-post-image\" alt><\/a><div class=\"grid-content\"><div class=\"avia-arrow\"><\/div><header class=\"entry-content-header\" aria-label=\"Portfolio: Andrea \u2014 Erfah\u00adrungs\u00adbe\u00adricht zu Falten\u00adun\u00adter\u00adsprit\u00adzung mit Hyalu\u00adron\"><h3 class=\"grid-entry-title entry-title \" itemprop=\"headline\"><a href=\"https:\/\/villa-bella.org\/at\/leistungen\/andrea-erfahrungsbericht-zu-faltenunterspritzung-mit-hyaluron\/\" title=\"Andrea \u2014 Erfah\u00adrungs\u00adbe\u00adricht zu Falten\u00adun\u00adter\u00adsprit\u00adzung mit Hyalu\u00adron\">Andrea \u2014 Erfah\u00adrungs\u00adbe\u00adricht zu Falten\u00adun\u00adter\u00adsprit\u00adzung mit Hyalu\u00adron<\/a><\/h3><\/header><\/div><footer class=\"entry-footer\"><\/footer><\/article><\/div><div data-ajax-id=\"11814\" class=\" grid-entry flex_column isotope-item all_sort no_margin post-entry post-entry-11814 grid-entry-overview grid-loop-17 grid-parity-odd  testimonials-at_sort  av_one_third  default_av_fullwidth \"><article class=\"main_color inner-entry\" itemscope=\"itemscope\" itemtype=\"https:\/\/schema.org\/CreativeWork\"><a href=\"https:\/\/villa-bella.org\/at\/leistungen\/conny-testimonial-zu-filler-gegen-falten\/\" title=\"Conny \u2014 Testi\u00admo\u00adnial zu Filler gegen Falten\" data-rel=\"grid-1\" class=\"grid-image avia-hover-fx\"> <img decoding=\"async\" fetchpriority=\"high\" width=\"495\" height=\"400\" src=\"https:\/\/villa-bella.org\/wp-content\/uploads\/2017\/04\/ConnyDoll-Blog-VillaBella-495x400.jpg\" class=\"wp-image-11815 avia-img-lazy-loading-not-11815 attachment-portfolio size-portfolio wp-post-image\" alt><\/a><div class=\"grid-content\"><div class=\"avia-arrow\"><\/div><header class=\"entry-content-header\" aria-label=\"Portfolio: Conny \u2014 Testi\u00admo\u00adnial zu Filler gegen Falten\"><h3 class=\"grid-entry-title entry-title \" itemprop=\"headline\"><a href=\"https:\/\/villa-bella.org\/at\/leistungen\/conny-testimonial-zu-filler-gegen-falten\/\" title=\"Conny \u2014 Testi\u00admo\u00adnial zu Filler gegen Falten\">Conny \u2014 Testi\u00admo\u00adnial zu Filler gegen Falten<\/a><\/h3><\/header><\/div><footer class=\"entry-footer\"><\/footer><\/article><\/div><div data-ajax-id=\"11816\" class=\" grid-entry flex_column isotope-item all_sort no_margin post-entry post-entry-11816 grid-entry-overview grid-loop-18 grid-parity-even  testimonials-at_sort  av_one_third  default_av_fullwidth \"><article class=\"main_color inner-entry\" itemscope=\"itemscope\" itemtype=\"https:\/\/schema.org\/CreativeWork\"><a href=\"https:\/\/villa-bella.org\/at\/leistungen\/stephanie-testimonial-stirn-nase\/\" title=\"Stepha\u00adnie \u2014 Testi\u00admo\u00adnial Stirn\u00adfal\u00adten &amp; Filler zur Nasen\u00adkor\u00adrek\u00adtur\" data-rel=\"grid-1\" class=\"grid-image avia-hover-fx\"> <img decoding=\"async\" fetchpriority=\"high\" width=\"495\" height=\"400\" src=\"https:\/\/villa-bella.org\/wp-content\/uploads\/2017\/01\/Testimonial-Stephanie-Stirn-600x600-495x400.jpg\" class=\"wp-image-11818 avia-img-lazy-loading-not-11818 attachment-portfolio size-portfolio wp-post-image\" alt><\/a><div class=\"grid-content\"><div class=\"avia-arrow\"><\/div><header class=\"entry-content-header\" aria-label=\"Portfolio: Stepha\u00adnie \u2014 Testi\u00admo\u00adnial Stirn\u00adfal\u00adten &amp; Filler zur Nasen\u00adkor\u00adrek\u00adtur\"><h3 class=\"grid-entry-title entry-title \" itemprop=\"headline\"><a href=\"https:\/\/villa-bella.org\/at\/leistungen\/stephanie-testimonial-stirn-nase\/\" title=\"Stepha\u00adnie \u2014 Testi\u00admo\u00adnial Stirn\u00adfal\u00adten &amp; Filler zur Nasen\u00adkor\u00adrek\u00adtur\">Stepha\u00adnie \u2014 Testi\u00admo\u00adnial Stirn\u00adfal\u00adten &amp; Filler zur Nasen\u00adkor\u00adrek\u00adtur<\/a><\/h3><\/header><\/div><footer class=\"entry-footer\"><\/footer><\/article><\/div><div data-ajax-id=\"11819\" class=\" grid-entry flex_column isotope-item all_sort no_margin post-entry post-entry-11819 grid-entry-overview grid-loop-19 grid-parity-odd  testimonials-at_sort  av_one_third first default_av_fullwidth \"><article class=\"main_color inner-entry\" itemscope=\"itemscope\" itemtype=\"https:\/\/schema.org\/CreativeWork\"><a href=\"https:\/\/villa-bella.org\/at\/leistungen\/sarah-testimonial-augenfalten\/\" title=\"Sarah \u2014 Testi\u00admo\u00adnial zur Behand\u00adlung von Augen\u00adfal\u00adten\" data-rel=\"grid-1\" class=\"grid-image avia-hover-fx\"> <img decoding=\"async\" fetchpriority=\"high\" width=\"495\" height=\"400\" src=\"https:\/\/villa-bella.org\/wp-content\/uploads\/2017\/01\/Testimonial-Sarah-Augen-600x600-495x400.jpg\" class=\"wp-image-11821 avia-img-lazy-loading-not-11821 attachment-portfolio size-portfolio wp-post-image\" alt><\/a><div class=\"grid-content\"><div class=\"avia-arrow\"><\/div><header class=\"entry-content-header\" aria-label=\"Portfolio: Sarah \u2014 Testi\u00admo\u00adnial zur Behand\u00adlung von Augen\u00adfal\u00adten\"><h3 class=\"grid-entry-title entry-title \" itemprop=\"headline\"><a href=\"https:\/\/villa-bella.org\/at\/leistungen\/sarah-testimonial-augenfalten\/\" title=\"Sarah \u2014 Testi\u00admo\u00adnial zur Behand\u00adlung von Augen\u00adfal\u00adten\">Sarah \u2014 Testi\u00admo\u00adnial zur Behand\u00adlung von Augen\u00adfal\u00adten<\/a><\/h3><\/header><\/div><footer class=\"entry-footer\"><\/footer><\/article><\/div><div data-ajax-id=\"11822\" class=\" grid-entry flex_column isotope-item all_sort no_margin post-entry post-entry-11822 grid-entry-overview grid-loop-20 grid-parity-even  testimonials-at_sort  av_one_third  default_av_fullwidth \"><article class=\"main_color inner-entry\" itemscope=\"itemscope\" itemtype=\"https:\/\/schema.org\/CreativeWork\"><a href=\"https:\/\/villa-bella.org\/at\/leistungen\/nicola-testimonial-zu-lippenunterspritzung\/\" title=\"Nicola \u2014 Testi\u00admo\u00adnial zu Lippen\u00adun\u00adter\u00adsprit\u00adzung\" data-rel=\"grid-1\" class=\"grid-image avia-hover-fx\"> <img decoding=\"async\" fetchpriority=\"high\" width=\"495\" height=\"400\" src=\"https:\/\/villa-bella.org\/wp-content\/uploads\/2017\/01\/Nicola-nachher1-640x911-495x400.jpg\" class=\"wp-image-11823 avia-img-lazy-loading-not-11823 attachment-portfolio size-portfolio wp-post-image\" alt><\/a><div class=\"grid-content\"><div class=\"avia-arrow\"><\/div><header class=\"entry-content-header\" aria-label=\"Portfolio: Nicola \u2014 Testi\u00admo\u00adnial zu Lippen\u00adun\u00adter\u00adsprit\u00adzung\"><h3 class=\"grid-entry-title entry-title \" itemprop=\"headline\"><a href=\"https:\/\/villa-bella.org\/at\/leistungen\/nicola-testimonial-zu-lippenunterspritzung\/\" title=\"Nicola \u2014 Testi\u00admo\u00adnial zu Lippen\u00adun\u00adter\u00adsprit\u00adzung\">Nicola \u2014 Testi\u00admo\u00adnial zu Lippen\u00adun\u00adter\u00adsprit\u00adzung<\/a><\/h3><\/header><\/div><footer class=\"entry-footer\"><\/footer><\/article><\/div><div data-ajax-id=\"11824\" class=\" grid-entry flex_column isotope-item all_sort no_margin post-entry post-entry-11824 grid-entry-overview grid-loop-21 grid-parity-odd  post-entry-last  testimonials-at_sort  av_one_third  default_av_fullwidth \"><article class=\"main_color inner-entry\" itemscope=\"itemscope\" itemtype=\"https:\/\/schema.org\/CreativeWork\"><a href=\"https:\/\/villa-bella.org\/at\/leistungen\/janina-testimonial-zu-nasenkorrektur-ohne-op\/\" title=\"Janina \u2014 Testi\u00admo\u00adnial zu Nasen\u00adkor\u00adrek\u00adtur ohne OP\" data-rel=\"grid-1\" class=\"grid-image avia-hover-fx\"> <img decoding=\"async\" fetchpriority=\"high\" width=\"495\" height=\"400\" src=\"https:\/\/villa-bella.org\/wp-content\/uploads\/2017\/01\/portrait-nasenkorrektur-testimonial-640x491-495x400.jpg\" class=\"wp-image-11826 avia-img-lazy-loading-not-11826 attachment-portfolio size-portfolio wp-post-image\" alt><\/a><div class=\"grid-content\"><div class=\"avia-arrow\"><\/div><header class=\"entry-content-header\" aria-label=\"Portfolio: Janina \u2014 Testi\u00admo\u00adnial zu Nasen\u00adkor\u00adrek\u00adtur ohne OP\"><h3 class=\"grid-entry-title entry-title \" itemprop=\"headline\"><a href=\"https:\/\/villa-bella.org\/at\/leistungen\/janina-testimonial-zu-nasenkorrektur-ohne-op\/\" title=\"Janina \u2014 Testi\u00admo\u00adnial zu Nasen\u00adkor\u00adrek\u00adtur ohne OP\">Janina \u2014 Testi\u00admo\u00adnial zu Nasen\u00adkor\u00adrek\u00adtur ohne OP<\/a><\/h3><\/header><\/div><footer class=\"entry-footer\"><\/footer><\/article><\/div><\/div><\/div>   <br>\n\n<style type=\"text\/css\" data-created_by=\"avia_inline_auto\" id=\"style-css-av-kdztroho-d2b39e56af9092ae527a85bb4ae4a659\">\n#top .hr.hr-invisible.av-kdztroho-d2b39e56af9092ae527a85bb4ae4a659{\nheight:20px;\n}\n<\/style>\n<div class=\"hr av-kdztroho-d2b39e56af9092ae527a85bb4ae4a659 hr-invisible  avia-builder-el-3  el_after_av_portfolio  el_before_av_repeatable_content  avia-builder-el-first \"><span class=\"hr-inner \"><span class=\"hr-inner-style\"><\/span><\/span><\/div><br>\n<div class=\"enfold_repeatable_wrapper contactbox\">\n<style type=\"text\/css\" data-created_by=\"avia_inline_auto\" id=\"style-css-av-av_one_third-25347b0a799d5b9f7058434b2a9c3182\">\n.flex_column.av-av_one_third-25347b0a799d5b9f7058434b2a9c3182{\nborder-radius:0px 0px 0px 0px;\npadding:0px 0px 0px 0px;\n}\n<\/style>\n<div class=\"flex_column av-av_one_third-25347b0a799d5b9f7058434b2a9c3182 av_one_third first flex_column_div av-zero-column-padding  \"><article class=\"iconbox iconbox_left_content av-lgxe230d-87392a1b4b729cef26bb9a99b40a8e4e av-icon-style-no-border\" itemscope=\"itemscope\" itemtype=\"https:\/\/schema.org\/CreativeWork\"><div class=\"iconbox_icon heading-color avia-iconfont avia-font-entypo-fontello\" data-av_icon=\"\ue85b\" data-av_iconfont=\"entypo-fontello\"><\/div><div class=\"iconbox_content\"><header class=\"entry-content-header\" aria-label=\"Icon: Online Termin\"><p class=\"iconbox_content_title \" itemprop=\"headline\">Online Termin<\/p><\/header><div class=\"iconbox_content_container \" itemprop=\"text\"><p><span style=\"font-size: 18px;\">Einfach, schnell und online einen Termin bei uns finden.<\/span><\/p>\n<p><a href=\"\/?page_id=15\"><strong class=\"button\">Jetzt Termin verein\u00adba\u00adren<\/strong><\/a><\/p>\n<p>Sie kommen von au\u00dfer\u00adhalb und wollen erst mal wissen, welche Behand\u00adlung f\u00fcr Sie die Richtige ist? Dann verein\u00adba\u00adren Sie doch einen Termin bei Dr. Meyer mit unserer <strong>Video\u00adsprech\u00adstunde<\/strong>!<\/p>\n<\/div><\/div><footer class=\"entry-footer\"><\/footer><\/article><\/div>\n\n\n<style type=\"text\/css\" data-created_by=\"avia_inline_auto\" id=\"style-css-av-av_one_third-f7c1061df29de8cca6b42fcf455fe4a0\">\n.flex_column.av-av_one_third-f7c1061df29de8cca6b42fcf455fe4a0{\nborder-radius:0px 0px 0px 0px;\npadding:0px 0px 0px 0px;\n}\n<\/style>\n<div class=\"flex_column av-av_one_third-f7c1061df29de8cca6b42fcf455fe4a0 av_one_third flex_column_div av-zero-column-padding  \"><article class=\"iconbox iconbox_left_content av-lgxe2kfb-2e51a3a090bf934ed90c5272ef026a41 av-icon-style-no-border\" itemscope=\"itemscope\" itemtype=\"https:\/\/schema.org\/CreativeWork\"><div class=\"iconbox_icon heading-color avia-iconfont avia-font-entypo-fontello\" data-av_icon=\"\ue863\" data-av_iconfont=\"entypo-fontello\"><\/div><div class=\"iconbox_content\"><header class=\"entry-content-header\" aria-label=\"Icon: \u00d6ffnungszeiten\"><p class=\"iconbox_content_title \" itemprop=\"headline\">\u00d6ffnungs\u00adzei\u00adten<\/p><\/header><div class=\"iconbox_content_container \" itemprop=\"text\"><table>\n<tbody>\n<tr>\n<td style=\"font-size: 18px;\">Mo-Do:<\/td>\n<td style=\"font-size: 18px;\">09:00\u201320:00 Uhr<\/td>\n<\/tr>\n<tr>\n<td style=\"font-size: 18px;\">Fr:<\/td>\n<td style=\"font-size: 18px;\">09:00\u201318:00 Uhr<\/td>\n<\/tr>\n<tr>\n<td style=\"font-size: 18px;\">Sa:*<\/td>\n<td style=\"font-size: 18px;\">10:00\u201318:00 Uhr<\/td>\n<\/tr>\n<\/tbody>\n<\/table>\n<table>\n<tbody>\n<tr>\n<td><span style=\"font-size: 12px;\">* Samstags\u00adsprech\u00adstunde auf Anfrage 3x im Monat<\/span><\/td>\n<\/tr>\n<\/tbody>\n<\/table>\n<\/div><\/div><footer class=\"entry-footer\"><\/footer><\/article><\/div>\n<style type=\"text\/css\" data-created_by=\"avia_inline_auto\" id=\"style-css-av-av_one_third-f7c1061df29de8cca6b42fcf455fe4a0\">\n.flex_column.av-av_one_third-f7c1061df29de8cca6b42fcf455fe4a0{\nborder-radius:0px 0px 0px 0px;\npadding:0px 0px 0px 0px;\n}\n<\/style>\n<div class=\"flex_column av-av_one_third-f7c1061df29de8cca6b42fcf455fe4a0 av_one_third flex_column_div av-zero-column-padding  \"><article class=\"iconbox iconbox_left_content av-lgxe4mvp-eb66888fc803a7e67f320eaa934e1f24 av-icon-style-no-border\" itemscope=\"itemscope\" itemtype=\"https:\/\/schema.org\/CreativeWork\"><div class=\"iconbox_icon heading-color avia-iconfont avia-font-entypo-fontello\" data-av_icon=\"\ue854\" data-av_iconfont=\"entypo-fontello\"><\/div><div class=\"iconbox_content\"><header class=\"entry-content-header\" aria-label=\"Icon: Telefon\"><p class=\"iconbox_content_title \" itemprop=\"headline\">Telefon<\/p><\/header><div class=\"iconbox_content_container \" itemprop=\"text\"><p><span style=\"font-size: 18px;\">+49 (0)89 \/ 217 549 430<\/span><\/p>\n<\/div><\/div><footer class=\"entry-footer\"><\/footer><\/article>\n<article class=\"iconbox iconbox_left_content av-lgxe3sjp-1ed3b22e2ca9687d613fb82bf7298c38 av-icon-style-no-border\" itemscope=\"itemscope\" itemtype=\"https:\/\/schema.org\/CreativeWork\"><div class=\"iconbox_icon heading-color avia-iconfont avia-font-entypo-fontello\" data-av_icon=\"\ue805\" data-av_iconfont=\"entypo-fontello\"><\/div><div class=\"iconbox_content\"><header class=\"entry-content-header\" aria-label=\"Icon: E-Mail\"><p class=\"iconbox_content_title \" itemprop=\"headline\">E\u2011Mail<\/p><\/header><div class=\"iconbox_content_container \" itemprop=\"text\"><p><span style=\"font-size: 18px;\">info@villa-bella.org<\/span><\/p>\n<\/div><\/div><footer class=\"entry-footer\"><\/footer><\/article>\n<article class=\"iconbox iconbox_left_content av-lgxe557f-319693998d5fcf26d43f5a114b249fe2 av-icon-style-no-border\" itemscope=\"itemscope\" itemtype=\"https:\/\/schema.org\/CreativeWork\"><div class=\"iconbox_icon heading-color avia-iconfont avia-font-entypo-fontello\" data-av_icon=\"\ue821\" data-av_iconfont=\"entypo-fontello\"><\/div><div class=\"iconbox_content\"><header class=\"entry-content-header\" aria-label=\"Icon: Adresse\"><p class=\"iconbox_content_title \" itemprop=\"headline\">Adresse<\/p><\/header><div class=\"iconbox_content_container \" itemprop=\"text\"><p><span style=\"font-size: 18px;\">VILLA BELLA<br>\nBrien\u00adner Str. 14<br>\n80333 M\u00fcnchen<\/span><\/p>\n<\/div><\/div><footer class=\"entry-footer\"><\/footer><\/article><\/div><\/div><\/div>\n","protected":false},"excerpt":{"rendered":"","protected":false},"author":1,"featured_media":0,"parent":0,"menu_order":0,"comment_status":"closed","ping_status":"closed","template":"","meta":{"_acf_changed":false,"wp_typography_post_enhancements_disabled":false,"ngg_post_thumbnail":0,"footnotes":""},"class_list":["post-11572","page","type-page","status-publish","hentry"],"acf":[],"yoast_head":"\n<title>Testimonials \u00bb Pers\u00f6nliche Erfahrungen unserer Patienten<\/title>\n<meta name=\"description\" content=\"Treffen Sie in den Testimonials unsere zufriedenen Patienten und lesen Sie mehr \u00fcber die pers\u00f6nlichen Erfahrungen in unserer Praxis.\" \/>\n<meta name=\"robots\" content=\"index, follow, max-snippet:-1, max-image-preview:large, max-video-preview:-1\" \/>\n<link rel=\"canonical\" href=\"https:\/\/villa-bella.org\/at\/testimonials\/\" \/>\n<meta property=\"og:locale\" content=\"de_DE\" \/>\n<meta property=\"og:type\" content=\"article\" \/>\n<meta property=\"og:title\" content=\"Testimonials \u00bb Pers\u00f6nliche Erfahrungen unserer Patienten\" \/>\n<meta property=\"og:description\" content=\"Treffen Sie in den Testimonials unsere zufriedenen Patienten und lesen Sie mehr \u00fcber die pers\u00f6nlichen Erfahrungen in unserer Praxis.\" \/>\n<meta property=\"og:url\" content=\"https:\/\/villa-bella.org\/at\/testimonials\/\" \/>\n<meta property=\"og:site_name\" content=\"sch\u00f6nheitschirurgie m\u00fcnchen\" \/>\n<meta property=\"article:modified_time\" content=\"2023-12-22T10:29:54+00:00\" \/>\n<meta name=\"twitter:label1\" content=\"Gesch\u00e4tzte Lesezeit\" \/>\n\t<meta name=\"twitter:data1\" content=\"2 Minuten\" \/>\n<script type=\"application\/ld+json\" class=\"yoast-schema-graph\">{\"@context\":\"https:\/\/schema.org\",\"@graph\":[{\"@type\":\"WebPage\",\"@id\":\"https:\/\/villa-bella.org\/at\/testimonials\/\",\"url\":\"https:\/\/villa-bella.org\/at\/testimonials\/\",\"name\":\"Testimonials \u00bb Pers\u00f6nliche Erfahrungen unserer Patienten\",\"isPartOf\":{\"@id\":\"https:\/\/villa-bella.org\/at\/#website\"},\"datePublished\":\"2017-09-04T09:25:10+00:00\",\"dateModified\":\"2023-12-22T10:29:54+00:00\",\"description\":\"Treffen Sie in den Testimonials unsere zufriedenen Patienten und lesen Sie mehr \u00fcber die pers\u00f6nlichen Erfahrungen in unserer Praxis.\",\"breadcrumb\":{\"@id\":\"https:\/\/villa-bella.org\/at\/testimonials\/#breadcrumb\"},\"inLanguage\":\"de-AT\",\"potentialAction\":[{\"@type\":\"ReadAction\",\"target\":[\"https:\/\/villa-bella.org\/at\/testimonials\/\"]}]},{\"@type\":\"BreadcrumbList\",\"@id\":\"https:\/\/villa-bella.org\/at\/testimonials\/#breadcrumb\",\"itemListElement\":[{\"@type\":\"ListItem\",\"position\":1,\"name\":\"Home\",\"item\":\"https:\/\/villa-bella.org\/at\/home-2\/\"},{\"@type\":\"ListItem\",\"position\":2,\"name\":\"Testimonials\"}]},{\"@type\":\"WebSite\",\"@id\":\"https:\/\/villa-bella.org\/at\/#website\",\"url\":\"https:\/\/villa-bella.org\/at\/\",\"name\":\"sch\u00f6nheitschirurgie m\u00fcnchen\",\"description\":\"Plastische Chirurgie und Sch\u00f6nheitschirurgie in M\u00fcnchen\",\"publisher\":{\"@id\":\"https:\/\/villa-bella.org\/at\/#organization\"},\"potentialAction\":[{\"@type\":\"SearchAction\",\"target\":{\"@type\":\"EntryPoint\",\"urlTemplate\":\"https:\/\/villa-bella.org\/at\/?s={search_term_string}\"},\"query-input\":{\"@type\":\"PropertyValueSpecification\",\"valueRequired\":true,\"valueName\":\"search_term_string\"}}],\"inLanguage\":\"de-AT\"},{\"@type\":\"Organization\",\"@id\":\"https:\/\/villa-bella.org\/at\/#organization\",\"name\":\"VILLA BELLA\",\"url\":\"https:\/\/villa-bella.org\/at\/\",\"logo\":{\"@type\":\"ImageObject\",\"inLanguage\":\"de-AT\",\"@id\":\"https:\/\/villa-bella.org\/at\/#\/schema\/logo\/image\/\",\"url\":\"https:\/\/villa-bella.org\/wp-content\/uploads\/2020\/09\/logo-092020.png\",\"contentUrl\":\"https:\/\/villa-bella.org\/wp-content\/uploads\/2020\/09\/logo-092020.png\",\"width\":300,\"height\":82,\"caption\":\"VILLA BELLA\"},\"image\":{\"@id\":\"https:\/\/villa-bella.org\/at\/#\/schema\/logo\/image\/\"}}]}<\/script>\n","yoast_head_json":{"title":"Testimonials \u00bb Pers\u00f6nliche Erfahrungen unserer Patienten","description":"Treffen Sie in den Testimonials unsere zufriedenen Patienten und lesen Sie mehr \u00fcber die pers\u00f6nlichen Erfahrungen in unserer Praxis.","robots":{"index":"index","follow":"follow","max-snippet":"max-snippet:-1","max-image-preview":"max-image-preview:large","max-video-preview":"max-video-preview:-1"},"canonical":"https:\/\/villa-bella.org\/at\/testimonials\/","og_locale":"de_DE","og_type":"article","og_title":"Testimonials \u00bb Pers\u00f6nliche Erfahrungen unserer Patienten","og_description":"Treffen Sie in den Testimonials unsere zufriedenen Patienten und lesen Sie mehr \u00fcber die pers\u00f6nlichen Erfahrungen in unserer Praxis.","og_url":"https:\/\/villa-bella.org\/at\/testimonials\/","og_site_name":"sch\u00f6nheitschirurgie m\u00fcnchen","article_modified_time":"2023-12-22T10:29:54+00:00","twitter_misc":{"Gesch\u00e4tzte Lesezeit":"2 Minuten"},"schema":{"@context":"https:\/\/schema.org","@graph":[{"@type":"WebPage","@id":"https:\/\/villa-bella.org\/at\/testimonials\/","url":"https:\/\/villa-bella.org\/at\/testimonials\/","name":"Testimonials \u00bb Pers\u00f6nliche Erfahrungen unserer Patienten","isPartOf":{"@id":"https:\/\/villa-bella.org\/at\/#website"},"datePublished":"2017-09-04T09:25:10+00:00","dateModified":"2023-12-22T10:29:54+00:00","description":"Treffen Sie in den Testimonials unsere zufriedenen Patienten und lesen Sie mehr \u00fcber die pers\u00f6nlichen Erfahrungen in unserer Praxis.","breadcrumb":{"@id":"https:\/\/villa-bella.org\/at\/testimonials\/#breadcrumb"},"inLanguage":"de-AT","potentialAction":[{"@type":"ReadAction","target":["https:\/\/villa-bella.org\/at\/testimonials\/"]}]},{"@type":"BreadcrumbList","@id":"https:\/\/villa-bella.org\/at\/testimonials\/#breadcrumb","itemListElement":[{"@type":"ListItem","position":1,"name":"Home","item":"https:\/\/villa-bella.org\/at\/home-2\/"},{"@type":"ListItem","position":2,"name":"Testimonials"}]},{"@type":"WebSite","@id":"https:\/\/villa-bella.org\/at\/#website","url":"https:\/\/villa-bella.org\/at\/","name":"sch\u00f6nheitschirurgie m\u00fcnchen","description":"Plastische Chirurgie und Sch\u00f6nheitschirurgie in M\u00fcnchen","publisher":{"@id":"https:\/\/villa-bella.org\/at\/#organization"},"potentialAction":[{"@type":"SearchAction","target":{"@type":"EntryPoint","urlTemplate":"https:\/\/villa-bella.org\/at\/?s={search_term_string}"},"query-input":{"@type":"PropertyValueSpecification","valueRequired":true,"valueName":"search_term_string"}}],"inLanguage":"de-AT"},{"@type":"Organization","@id":"https:\/\/villa-bella.org\/at\/#organization","name":"VILLA BELLA","url":"https:\/\/villa-bella.org\/at\/","logo":{"@type":"ImageObject","inLanguage":"de-AT","@id":"https:\/\/villa-bella.org\/at\/#\/schema\/logo\/image\/","url":"https:\/\/villa-bella.org\/wp-content\/uploads\/2020\/09\/logo-092020.png","contentUrl":"https:\/\/villa-bella.org\/wp-content\/uploads\/2020\/09\/logo-092020.png","width":300,"height":82,"caption":"VILLA BELLA"},"image":{"@id":"https:\/\/villa-bella.org\/at\/#\/schema\/logo\/image\/"}}]}},"_links":{"self":[{"href":"https:\/\/villa-bella.org\/at\/wp-json\/wp\/v2\/pages\/11572","targetHints":{"allow":["GET"]}}],"collection":[{"href":"https:\/\/villa-bella.org\/at\/wp-json\/wp\/v2\/pages"}],"about":[{"href":"https:\/\/villa-bella.org\/at\/wp-json\/wp\/v2\/types\/page"}],"author":[{"embeddable":true,"href":"https:\/\/villa-bella.org\/at\/wp-json\/wp\/v2\/users\/1"}],"replies":[{"embeddable":true,"href":"https:\/\/villa-bella.org\/at\/wp-json\/wp\/v2\/comments?post=11572"}],"version-history":[{"count":2,"href":"https:\/\/villa-bella.org\/at\/wp-json\/wp\/v2\/pages\/11572\/revisions"}],"predecessor-version":[{"id":26596,"href":"https:\/\/villa-bella.org\/at\/wp-json\/wp\/v2\/pages\/11572\/revisions\/26596"}],"wp:attachment":[{"href":"https:\/\/villa-bella.org\/at\/wp-json\/wp\/v2\/media?parent=11572"}],"curies":[{"name":"wp","href":"https:\/\/api.w.org\/{rel}","templated":true}]}}